{"id":15,"date":"2022-09-29T10:22:45","date_gmt":"2022-09-29T07:22:45","guid":{"rendered":"http:\/\/alternatifuygulamalar.kastamonu.edu.tr\/?page_id=15"},"modified":"2026-02-14T10:26:08","modified_gmt":"2026-02-14T10:26:08","slug":"etkinlik-programi","status":"publish","type":"page","link":"https:\/\/hipotezdenurune.com\/?page_id=15","title":{"rendered":"Etkinlik Program\u0131"},"content":{"rendered":"\n<p><\/p>\n\n\n\n<h3 class=\"wp-block-heading\">Detayl\u0131 E\u011fitim Program\u0131 i\u00e7in buraya t\u0131klay\u0131n\u0131z: <a href=\"https:\/\/hipotezdenurune.com\/wp-content\/uploads\/2025\/08\/PROGRAM_-13-17-Nisan-2026.pdf\">https:\/\/hipotezdenurune.com\/wp-content\/uploads\/2025\/08\/PROGRAM_-13-17-Nisan-2026.pdf<\/a> <\/h3>\n\n\n\n<div class=\"wp-block-group is-layout-constrained\"><div class=\"wp-block-group__inner-container\">\n<div class=\"wp-block-group is-layout-constrained\"><div class=\"wp-block-group__inner-container\">\n<div class=\"wp-block-group is-nowrap is-layout-flex wp-container-5\">\n<div class=\"wp-block-columns is-layout-flex wp-container-4\">\n<div class=\"wp-block-column is-layout-flow\">\n<div class=\"wp-block-columns is-layout-flex wp-container-2\">\n<div class=\"wp-block-column is-layout-flow\">\n<h2 class=\"wp-block-heading\">13 Nisan 2026 <\/h2>\n<\/div>\n<\/div>\n<\/div>\n<\/div>\n<\/div>\n\n\n\n<figure class=\"wp-block-table is-style-regular\"><table><tbody><tr><td class=\"has-text-align-left\" data-align=\"left\"><br><br><br><strong>Ders Ad\u0131:<\/strong> <p>&nbsp;<\/p> <p><strong>Dersi verecek \u00f6\u011fretim \u00fcyesi<\/strong>:<\/p> <p><strong>Ders Konusu:<\/strong><\/p> <p><strong>Detayl\u0131 ders i\u00e7eri\u011fi:<\/strong><\/p> <\/td><td><br>A\u00e7\u0131l\u0131\u015f Konu\u015fmas\u0131 <p>&nbsp;<\/p> <p>Dr. Aysun \u0130NAN GEN\u00c7<\/p> <br><br><p>Hipotezden \u00dcr\u00fcne Biyolojik Bilimler ve Uygulamal\u0131 Do\u011fa Bilimleri Alanlar\u0131nda Bilimsel S\u00fcrecin Bile\u015fenleri-3<\/p> <br><p>T\u00dcB\u0130TAK B\u0130DEB 2237-A Bilimsel E\u011fitim Etkinliklerini Destekleme Program\u0131 kapsam\u0131nda \u201cHipotezden \u00dcr\u00fcne Biyolojik Bilimler ve Uygulamal\u0131 Do\u011fa Bilimleri Alanlar\u0131nda Bilimsel S\u00fcrecin Bile\u015fenleri\u201d ba\u015fl\u0131\u011f\u0131 alt\u0131nda yap\u0131lacak e\u011fitim etkinli\u011fi ve ders i\u00e7erikleri ile ilgili bilgilendirme<\/p> <\/td><\/tr><tr><td class=\"has-text-align-left\" data-align=\"left\"><br><br><br><br><br><br><br><br><br><br><strong style=\"font-family: inherit; font-size: inherit;\">Ders Ad\u0131:<\/strong><span style=\"font-family: inherit; font-size: inherit;\">&nbsp;<\/span>  <p><strong>Dersi verecek \u00f6\u011fretim \u00fcyesi:<\/strong><\/p> <p><strong>Ders Konusu:<\/strong><\/p> <br><br><br><br><br><p><strong>Detayl\u0131 ders i\u00e7eri\u011fi:<\/strong><\/p> <p><strong>&nbsp;<\/strong><\/p> <\/td><td><br>Giri\u015fimcilik Perspektifinden Ormanc\u0131l\u0131k ve Tabiat Turizmi Alan\u0131nda \u0130htisasla\u015fma Projeleri <p>&nbsp;<\/p><p>Dr. \u00d6\u011fr. \u00dcyesi \u00c7i\u011fdem \u00d6ZER GEN\u00c7<\/p><br><br><br><p>Ormanc\u0131l\u0131k ve Tabiat Turizmi alan\u0131nda \u0130htisas \u00dcniversitesi olan Kastamonu \u00dcniversitesi \u00f6zelinde \u0130htisasla\u015fma projeleri hakk\u0131nda genel bilgilendirme ve \u015fimdiye kadar yap\u0131lan proje performanslar\u0131 hakk\u0131nda bilgi payla\u015f\u0131m\u0131<\/p> <br><p>Ormanc\u0131l\u0131k ve Tabiat Turizmi alan\u0131nda \u0130htisas \u00dcniversitesi olan Kastamonu \u00dcniversitesi \u00f6zelinde \u0130htisasla\u015fma projeleri hakk\u0131nda genel bilgilendirme ve \u201dGiri\u015fimci\u201c perspektifiyle y\u00fcr\u00fct\u00fclm\u00fc\u015f ihtisasla\u015fma projelerinin b\u00f6lgesel kalk\u0131nmaya y\u00f6nelik etkilerinin proje bazl\u0131 de\u011ferlendirilmesi<\/p> <\/td><\/tr><tr><td class=\"has-text-align-left\" data-align=\"left\"><br><br><br><br><br><br><br><strong>Ders Ad\u0131:<\/strong> <p>&nbsp;<\/p> <p><strong>Dersi verecek \u00f6\u011fretim \u00fcyesi:<\/strong><\/p> <p><strong>Ders Konusu:<\/strong><\/p> <p><strong>Detayl\u0131 ders i\u00e7eri\u011fi:<\/strong><\/p> <\/td><td>&#8220;Hipotezden \u00fcr\u00fcne\u201d hedefi do\u011frultusunda \u201cAra\u015ft\u0131rmac\u0131\u201d ekseninden \u201cGiri\u015fimci-Ara\u015ft\u0131rmac\u0131\u201d eksenine d\u00f6n\u00fc\u015f\u00fcm <p>\u00a0<\/p> <p><span style=\"font-family: inherit; font-size: inherit; font-weight: inherit; background-color: rgb(255, 255, 255); color: initial;\">Dr. Can KAYACILAR <\/span><\/p><br><p>Giri\u015fimcili\u011fin Temelleri- Giri\u015fimci ve Giri\u015fimcilik Kavramlar\u0131na Genel Bak\u0131\u015f<\/p> <p>Bu ders kapsam\u0131nda giri\u015fimcinin kim oldu\u011fundan, giri\u015fimcinin sahip olmas\u0131 gereken \u00f6zelliklerden detaylar\u0131yla bahsedilecektir. Ayr\u0131ca giri\u015fimcilik kavram\u0131n\u0131n \u00f6nemine vurgu yap\u0131larak giri\u015fimcili\u011fin \u00fclkemizdeki mevcut durumu de\u011ferlendirilecektir. Farkl\u0131 giri\u015fimcilik t\u00fcrlerinden bahsedilecek ve bu alandaki uygulamalardan \u00f6rnekler verilecektir.<\/p> <\/td><\/tr><tr><td class=\"has-text-align-left\" data-align=\"left\"><strong>Ders Ad\u0131:<\/strong>\n<p>&nbsp;<\/p>\n<p><strong>Dersi verecek \u00f6\u011fretim \u00fcyesi<\/strong><strong>:<\/strong><\/p>\n<p><strong>Ders Konusu:<\/strong><\/p>\n<p><strong>Detayl\u0131 ders i\u00e7eri\u011fi:<\/strong><\/p>\n<\/td><td>\u201cGiri\u015fimci-Ara\u015ft\u0131rmac\u0131\u201d kimli\u011fiyle giri\u015fimci ve yenilik\u00e7i i\u015f fikirlerinin hayata ge\u00e7irilmesi s\u00fcreci <p>\u00a0<\/p><p>Dr. <span style=\"font-family: inherit; font-size: inherit; font-weight: inherit; color: initial;\">Can KAYACILAR <\/span><\/p><p>Aktif Olarak Proje Y\u00fcr\u00fct\u00fcc\u00fcl\u00fc\u011f\u00fc Yap\u0131lan T\u00dcB\u0130TAK -B\u0130GG 1512 Giri\u015fimcilik Destek Program\u0131 Kapsam\u0131nda desteklenen \u201cKovan \u201c projesi \u00f6zelinde bir giri\u015fimci-ara\u015ft\u0131rmac\u0131 perspektifinden yenilik\u00e7i i\u015f fikirlerinin ticari \u00fcr\u00fcne d\u00f6n\u00fc\u015ft\u00fcr\u00fclme s\u00fcre\u00e7leri<\/p> <p>Aktif Olarak Proje Y\u00fcr\u00fct\u00fcc\u00fcl\u00fc\u011f\u00fc Yap\u0131lan T\u00dcB\u0130TAK -B\u0130GG 1512 Giri\u015fimcilik Destek Program\u0131 Kapsam\u0131nda desteklenen \u201cKovan \u201c projesi \u00f6zelinde bir giri\u015fimci-ara\u015ft\u0131rmac\u0131 taraf\u0131ndan y\u00fcr\u00fct\u00fclen giri\u015fimci i\u015f fikrinin fikir a\u015famas\u0131ndan pazara kadar olan s\u00fcre\u00e7leri hakk\u0131nda tecr\u00fcbe payla\u015f\u0131m\u0131 ve T\u00dcB\u0130TAK B\u0130GG Giri\u015fimcilik Destek Programlar\u0131 hakk\u0131nda detayl\u0131 bilgi payla\u015f\u0131m\u0131<\/p> <\/td><\/tr><tr><td class=\"has-text-align-left\" data-align=\"left\"><strong>Ders A<\/strong><strong>d<\/strong><strong>\u0131<\/strong><strong>:<\/strong>\n<p>&nbsp;<\/p>\n<p><strong>Dersi verecek \u00f6\u011fretim \u00fcyesi<\/strong><strong>:<\/strong><\/p>\n<p><strong>Ders Konusu:<\/strong><\/p>\n<p><strong>Detayl\u0131 ders i\u00e7eri\u011fi:<\/strong><\/p>\n<\/td><td>\u201cGiri\u015fimci-Ara\u015ft\u0131rmac\u0131\u201d kimli\u011fiyle giri\u015fimci ve yenilik\u00e7i i\u015f fikirlerinin hayata ge\u00e7irilmesi s\u00fcreci <p>\u00a0<\/p><p>Dr. <span style=\"font-family: inherit; font-size: inherit; font-weight: inherit; color: initial;\">Can KAYACILAR <\/span><\/p><p>Aktif Olarak Proje Y\u00fcr\u00fct\u00fcc\u00fcl\u00fc\u011f\u00fc Yap\u0131lan T\u00dcB\u0130TAK -B\u0130GG 1512 Giri\u015fimcilik Destek Program\u0131 Kapsam\u0131nda desteklenen \u201cKovan \u201c projesi \u00f6zelinde bir giri\u015fimci-ara\u015ft\u0131rmac\u0131 perspektifindenyenilik\u00e7i i\u015f fikirlerinin ticari \u00fcr\u00fcne d\u00f6n\u00fc\u015ft\u00fcr\u00fclme s\u00fcre\u00e7leri<\/p> <p>Aktif Olarak Proje Y\u00fcr\u00fct\u00fcc\u00fcl\u00fc\u011f\u00fc Yap\u0131lan T\u00dcB\u0130TAK -B\u0130GG 1512 Giri\u015fimcilik Destek Program\u0131 Kapsam\u0131nda desteklenen \u201cKovan \u201c projesi \u00f6zelinde bir giri\u015fimci-ara\u015ft\u0131rmac\u0131 taraf\u0131ndan y\u00fcr\u00fct\u00fclen giri\u015fimci i\u015f fikrinin fikir a\u015famas\u0131ndan pazara kadar olan s\u00fcre\u00e7leri hakk\u0131nda tecr\u00fcbe payla\u015f\u0131m\u0131 ve T\u00dcB\u0130TAK B\u0130GG Giri\u015fimcilik Destek Programlar\u0131 hakk\u0131nda detayl\u0131 bilgi payla\u015f\u0131m\u0131<\/p> <\/td><\/tr><tr><td class=\"has-text-align-left\" data-align=\"left\"><strong>Ders Ad\u0131:<\/strong>\n<p>&nbsp;<\/p>\n<p><strong>Dersi verecek \u00f6\u011fretim \u00fcyesi<\/strong><strong>:<\/strong><\/p>\n<p><strong>Ders Konusu:<\/strong><\/p>\n<p><strong>Detayl\u0131 ders i\u00e7eri\u011fi:<\/strong><\/p>\n<\/td><td>Bilimsel Ara\u015ft\u0131rmalar S\u0131ras\u0131nda Kullan\u0131lacak Y\u00f6ntem ve Metodolojiler\n<p>&nbsp;<\/p>\n<p>Dr. \u00d6\u011fr. \u00dcyesi Kerim G\u00dcNEY<\/p>\n<p>Ekolojik Bilginin Ekonomik De\u011fere D\u00f6n\u00fc\u015fmesi s\u00fcrecinde \u00dclkemiz Ekosistemindeki T\u0131bbi Bitkilerin De\u011ferlendirilmesine Dair \u00d6zel Bir \u00d6rnek&nbsp;\u00fczerinden Bilimsel Ara\u015ft\u0131rmalar S\u0131ras\u0131nda Kullan\u0131lacak Y\u00f6ntem ve Metodolojiler<\/p>\n<p>\u00dclkemizin \u00f6nemli biyolojik kaynak de\u011ferlerinden t\u0131bbi ama\u00e7la kullan\u0131lan Sar\u0131 kantaron (Hypericum perforatum) bitkisi \u00f6zelinde ekonomik de\u011fere d\u00f6n\u00fc\u015f\u00fcm s\u00fcrecinde kullan\u0131lan y\u00f6ntem ve metodolojiler detayl\u0131 bir \u015fekilde anlat\u0131lacak&nbsp;Bu kapsamsa; Bitki \u00f6rneklerinin araziden toplanmas\u0131&nbsp;Taksonomik a\u00e7\u0131dan tespitinin yap\u0131lmas\u0131&nbsp;Biyoaktif bile\u015fenlerinin izole edilmesi ve tan\u0131mlanmas\u0131&nbsp;gibi ba\u015fl\u0131klar alt\u0131nda proje kapsam\u0131nda kullan\u0131lan y\u00f6ntem ve metodlar teorik olarak anlat\u0131lacakt\u0131r.<\/p>\n<p style=\"text-align: left;\">&nbsp;<\/p>\n<\/td><\/tr><tr><td class=\"has-text-align-left\" data-align=\"left\"><strong>Ders A<\/strong><strong>d<\/strong><strong>\u0131<\/strong><strong>:<\/strong>\n<p>&nbsp;<\/p>\n<p><strong>Dersi verecek \u00f6\u011fretim \u00fcyesi<\/strong><strong>:<\/strong><\/p>\n<p><strong>Ders Konusu:<\/strong><\/p>\n<p><strong>Detayl\u0131 ders i\u00e7eri\u011fi:<\/strong><\/p>\n<\/td><td>Bilimsel Ara\u015ft\u0131rmalar S\u0131ras\u0131nda Kullan\u0131lacak Y\u00f6ntem ve Metodolojiler\n<p>&nbsp;<\/p>\n<p>Dr. \u00d6\u011fr. \u00dcyesi Kerim G\u00dcNEY<\/p>\n<p>Ekolojik Bilginin Ekonomik De\u011fere D\u00f6n\u00fc\u015fmesinde \u00dclkemiz Ekosistemindeki T\u0131bbi Bitkilerin De\u011ferlendirilmesine Dair \u00d6zel Bir \u00d6rnek \u00fczerinden&nbsp;Bilimsel Ara\u015ft\u0131rmalar S\u0131ras\u0131nda Kullan\u0131lacak Y\u00f6ntem ve Metodolojiler<\/p>\n<p>\u00dclkemizin \u00f6nemli biyolojik kaynak de\u011ferlerinden t\u0131bbi ama\u00e7la kullan\u0131lan Sar\u0131 kantaron (Hypericum perforatum) bitkisi \u00f6zelinde ekonomik de\u011fere d\u00f6n\u00fc\u015f\u00fcm s\u00fcrecinde kullan\u0131lan y\u00f6ntem ve metodolojiler detayl\u0131 bir \u015fekilde anlat\u0131lacak&nbsp;Bu kapsamsa; Bitki \u00f6rneklerinin araziden toplanmas\u0131&nbsp;Taksonomik a\u00e7\u0131dan tespitinin yap\u0131lmas\u0131&nbsp;Biyoaktif bile\u015fenlerinin izole edilmesi ve tan\u0131mlanmas\u0131&nbsp;gibi ba\u015fl\u0131klar alt\u0131nda proje kapsam\u0131nda kullan\u0131lan y\u00f6ntem ve metodlar teorik olarak anlat\u0131lacakt\u0131r<\/p>\n<\/td><\/tr><tr><td class=\"has-text-align-left\" data-align=\"left\"><strong>Ders A<\/strong><strong>d<\/strong><strong>\u0131<\/strong><strong>:<\/strong>\n<p>&nbsp;<\/p>\n<p><strong>Dersi verecek \u00f6\u011fretim \u00fcyesi<\/strong><strong>:<\/strong><\/p>\n<p><strong>Ders Konusu:<\/strong><\/p>\n<p><strong>Detayl\u0131 ders i\u00e7eri\u011fi:<\/strong><\/p>\n<\/td><td>De\u011ferlendirme oturumu\n<p>&nbsp;<\/p>\n<p>Dr. Aysun \u0130NAN GEN\u00c7<\/p>\n<p>G\u00fcn Sonu E\u011fitim Etkinliklerinin De\u011ferlendirilmesi<\/p>\n<p>G\u00fcn sonunda o g\u00fcne dair e\u011fitim i\u00e7eriklerinin kat\u0131l\u0131mc\u0131larla&nbsp; de\u011ferlendirilmesi ve o g\u00fcne dair kazan\u0131mlar\u0131n tespit edilmesi<\/p>\n<\/td><\/tr><\/tbody><\/table><figcaption class=\"wp-element-caption\"><br><br><u>14 Nisan 202<\/u>6<\/figcaption><\/figure>\n<\/div><\/div>\n<\/div><\/div>\n\n\n\n<p><\/p>\n\n\n\n<figure class=\"wp-block-table\"><table><tbody><tr><td><strong>Ders A<\/strong><strong>d<\/strong><strong>\u0131<\/strong>:\n<p>&nbsp;<\/p>\n<p><strong>Dersi verecek \u00f6\u011fretim \u00fcyesi<\/strong><strong>:<\/strong><\/p>\n<p><strong>Ders Konusu:<\/strong><\/p>\n<p><strong>Detayl\u0131 ders i\u00e7eri\u011fi:<\/strong><\/p>\n<\/td><td>Bilimsel Ara\u015ft\u0131rmalarda Ara\u015ft\u0131rma Konusunun Se\u00e7imi ve Hipotez Kurma\n<p>&nbsp;<\/p>\n<p>Dr.\u00d6\u011fr.\u00dcyesi Funda \u00d6ZDEM\u0130R DE\u011e\u0130RMENC\u0130<\/p>\n<p>Aktif Olarak Proje Y\u00fcr\u00fct\u00fcc\u00fcl\u00fc\u011f\u00fc Yap\u0131lan T\u00dcB\u0130TAK ARDEB 1001 Bilimsel ve Teknolojik Ara\u015ft\u0131rma Projelerini Destekleme Program\u0131 Projesi \u00d6zelinde Proje Ara\u015ft\u0131rma Konusunun Se\u00e7imi, Hipotez Kurma<\/p>\n<p>T\u00dcB\u0130TAK 1001 Bilimsel ve Teknolojik Ara\u015ft\u0131rma Projelerini Destekleme Program\u0131 Projesi kapsam\u0131nda aktif olarak y\u00fcr\u00fct\u00fclen \u00f6rnek bir proje \u00fczerinden ara\u015ft\u0131rma konusunun se\u00e7imi ve hipotez kurma a\u015famalar\u0131na&nbsp; dair detayl\u0131 bilgilendirmeler proje y\u00fcr\u00fct\u00fcc\u00fcs\u00fc hocam\u0131z taraf\u0131ndan yap\u0131lacakt\u0131r<\/p>\n<\/td><\/tr><tr><td><strong>Ders A<\/strong><strong>d<\/strong><strong>\u0131<\/strong><strong>:<\/strong>\n<p>&nbsp;<\/p>\n<p><strong>Dersi verecek \u00f6\u011fretim \u00fcyesi<\/strong>:<\/p>\n<p><strong>Ders Konusu:<\/strong><\/p>\n<p><strong>Detayl\u0131 ders i\u00e7eri\u011fi:<\/strong><\/p>\n<\/td><td>Ara\u015ft\u0131rman\u0131n Planlanmas\u0131 ve Projelendirilmesi\n<p>&nbsp;<\/p>\n<p>Dr.\u00d6\u011fr.\u00dcyesi Funda \u00d6ZDEM\u0130R DE\u011e\u0130RMENC\u0130<\/p>\n<p>Aktif Olarak Proje Y\u00fcr\u00fct\u00fcc\u00fcl\u00fc\u011f\u00fc Yap\u0131lan T\u00dcB\u0130TAK ARDEB 1001 Bilimsel ve Teknolojik Ara\u015ft\u0131rma Projelerini Destekleme Program\u0131 Projesi \u00d6zelinde Proje Ara\u015ft\u0131rma Konusunun Planlanmas\u0131 ve Projelendirilmesi<\/p>\n<p>T\u00dcB\u0130TAK 1001 Bilimsel ve Teknolojik Ara\u015ft\u0131rma Projelerini Destekleme Program\u0131 Projesi kapsam\u0131nda aktif olarak y\u00fcr\u00fct\u00fclen \u00f6rnek bir proje \u00fczerinden ara\u015ft\u0131rman\u0131n planlanmas\u0131 ve projelendirilmesine dair detayl\u0131 bilgilendirmeler proje y\u00fcr\u00fct\u00fcc\u00fcc\u00fc hocam\u0131z taraf\u0131ndan yap\u0131lacakt\u0131r<\/p>\n<\/td><\/tr><tr><td><strong>Ders A<\/strong><strong>d<\/strong><strong>\u0131<\/strong><strong>:<\/strong>\n<p>&nbsp;<\/p>\n<p><strong>Dersi verecek \u00f6\u011fretim \u00fcyesi<\/strong><strong>:<\/strong><\/p>\n<p><strong>Ders Konusu:<\/strong><\/p>\n<p><strong>Detayl\u0131 ders i\u00e7eri\u011fi<\/strong>:<\/p>\n<\/td><td>Giri\u015fimci \u0130\u015f Fikrinin Hayata Ge\u00e7irilmesi \u201cFilik Nanobioagrotech Firmas\u0131n\u0131n Kurulu\u015f \u00d6yk\u00fcs\u00fc\u201c\n<p>&nbsp;<\/p>\n<p>Do\u00e7. Dr. G\u00f6khan F\u0130L\u0130K<\/p>\n<p>Giri\u015fimci i\u015f fikri sahibi olarak ger\u00e7ekle\u015ftirilen T\u00dcB\u0130TAK 1512 &#8211; Giri\u015fimcilik Destek Program\u0131 (BiGG) ve T\u00dcB\u0130TAK 1812 &#8211; Yat\u0131r\u0131m Tabanl\u0131 Giri\u015fimcilik Destek Program\u0131 (BiGG Yat\u0131r\u0131m) destekleriyle hayata ge\u00e7irilen \u015firket kurulum s\u00fcre\u00e7lerine dair tecr\u00fcbelerin payla\u015f\u0131m\u0131<\/p>\n<p>Giri\u015fimci i\u015f fikri sahiplerine y\u00f6nelik olarak ger\u00e7ekle\u015ftirilen T\u00dcB\u0130TAK 1512 &#8211; Giri\u015fimcilik Destek Program\u0131 (BiGG) ve T\u00dcB\u0130TAK 1812 &#8211; Yat\u0131r\u0131m Tabanl\u0131 Giri\u015fimcilik Destek Program\u0131 (BiGG Yat\u0131r\u0131m) destekleriyle hayata ge\u00e7irilen \u015firket kurulum s\u00fcre\u00e7lerinde fikir a\u015famas\u0131ndan \u015firketle\u015fme ve Pazar a\u015famalar\u0131na kadar ger\u00e7ekle\u015fen s\u00fcre\u00e7lerdeki tecr\u00fcbelerin payla\u015f\u0131m\u0131 ayr\u0131ca bu s\u00fcre\u00e7lerde ya\u015fanabilecek problem ve aksakl\u0131klar\u0131n \u00e7\u00f6z\u00fcm\u00fcne y\u00f6nelik tecr\u00fcbe aktar\u0131m\u0131<\/p>\n<\/td><\/tr><tr><td><strong>Ders Ad\u0131:<\/strong>\n<p>&nbsp;<\/p>\n<p><strong>Dersi verecek \u00f6\u011fretim \u00fcyesi<\/strong><strong>:<\/strong><\/p>\n<p><strong>Ders Konusu:<\/strong><\/p>\n<p><strong>Detayl\u0131 ders i\u00e7eri\u011fi:<\/strong><\/p>\n<\/td><td>Giri\u015fimci \u0130\u015f Fikrinin Hayata Ge\u00e7irilmesi \u201cFilik Nanobioagrotech Firmas\u0131n\u0131n Kurulu\u015f \u00d6yk\u00fcs\u00fc\u201c\n<p>&nbsp;<\/p>\n<p>Do\u00e7. Dr. G\u00f6khan F\u0130L\u0130K<\/p>\n<p>Giri\u015fimci i\u015f fikri sahibi olarak ger\u00e7ekle\u015ftirilen T\u00dcB\u0130TAK 1512 &#8211; Giri\u015fimcilik Destek Program\u0131 (BiGG) ve T\u00dcB\u0130TAK 1812 &#8211; Yat\u0131r\u0131m Tabanl\u0131 Giri\u015fimcilik Destek Program\u0131 (BiGG Yat\u0131r\u0131m) destekleriyle hayata ge\u00e7irilen \u015firket kurulum s\u00fcre\u00e7lerine dair tecr\u00fcbelerin payla\u015f\u0131m\u0131<\/p>\n<p>Giri\u015fimci i\u015f fikri sahiplerine y\u00f6nelik olarak ger\u00e7ekle\u015ftirilen T\u00dcB\u0130TAK 1512 &#8211; Giri\u015fimcilik Destek Program\u0131 (BiGG) ve T\u00dcB\u0130TAK 1812 &#8211; Yat\u0131r\u0131m Tabanl\u0131 Giri\u015fimcilik Destek Program\u0131 (BiGG Yat\u0131r\u0131m) destekleriyle hayata ge\u00e7irilen \u015firket kurulum s\u00fcre\u00e7lerinde fikir a\u015famas\u0131ndan \u015firketle\u015fme ve Pazar a\u015famalar\u0131na kadar ger\u00e7ekle\u015fen s\u00fcre\u00e7lerdeki tecr\u00fcbelerin payla\u015f\u0131m\u0131 ayr\u0131ca bu s\u00fcre\u00e7lerde ya\u015fanabilecek problem ve aksakl\u0131klar\u0131n \u00e7\u00f6z\u00fcm\u00fcne y\u00f6nelik tecr\u00fcbe aktar\u0131m\u0131<\/p>\n<\/td><\/tr><tr><td><strong>Ders A<\/strong><strong>d<\/strong><strong>\u0131<\/strong><strong>:<\/strong>\n<p>&nbsp;<\/p>\n<p><strong>Dersi verecek \u00f6\u011fretim \u00fcyesi<\/strong><strong>:<\/strong><\/p>\n<p><strong>Ders Konusu:<\/strong><\/p>\n<p><strong>Detayl\u0131 ders i\u00e7eri\u011fi:<\/strong><\/p>\n<\/td><td>S\u00fcrd\u00fcr\u00fclebilir Kalk\u0131nma Hedefleri do\u011frultusunda Ye\u015fil D\u00f6n\u00fc\u015f\u00fcm Ekseninde&nbsp; Giri\u015fimci Uygulamalar\u0131\n<p>&nbsp;<\/p>\n<p>Dr. \u00d6\u011fr. \u00dcyesi Ay\u015fe G\u00fcl F\u0130L\u0130K<\/p>\n<p>S\u00fcrd\u00fcr\u00fclebilir Kalk\u0131nma Hedefleri do\u011frultusunda T\u00dcB\u0130TAK ve KOSGEB i\u015fbirli\u011fi ile y\u00fcr\u00fct\u00fclen 1831-Ye\u015fil \u0130novasyon Teknoloji Ment\u00f6rl\u00fck \u00c7a\u011fr\u0131s\u0131 \u0130\u015fbirli\u011fi Projesi hakk\u0131nda Bilgilendirme<\/p>\n<p>Sanayi ve Teknoloji Bakanl\u0131\u011f\u0131 deste\u011fi ile &nbsp;S\u00fcrd\u00fcr\u00fclebilir Kalk\u0131nma Hedefleri do\u011frultusunda T\u00dcB\u0130TAK ve KOSGEB i\u015fbirli\u011fi ile y\u00fcr\u00fct\u00fclen 1831-Ye\u015fil \u0130novasyon Teknoloji Ment\u00f6rl\u00fck \u00c7a\u011fr\u0131s\u0131 \u0130\u015fbirli\u011fi Projesi \u00e7er\u00e7evesinde KOB\u0130\u2019lerin \u201c Ye\u015fil D\u00f6n\u00fc\u015f\u00fcm \u201c mevzuatlar\u0131na uyumu kapsam\u0131nda verilen destek ve i\u015fbirli\u011fi tecr\u00fcbelerinin payla\u015f\u0131m\u0131<\/p>\n<\/td><\/tr><tr><td><strong>Ders A<\/strong><strong>d<\/strong><strong>\u0131<\/strong><strong>:<\/strong>\n<p>&nbsp;<\/p>\n<p><strong>Dersi verecek \u00f6\u011fretim \u00fcyesi<\/strong><strong>:<\/strong><\/p>\n<p><strong>Ders Konusu:<\/strong><\/p>\n<p><strong>Detayl\u0131 ders i\u00e7eri\u011fi:<\/strong><\/p>\n<\/td><td>S\u00fcrd\u00fcr\u00fclebilir Kalk\u0131nma Hedefleri do\u011frultusunda Ye\u015fil D\u00f6n\u00fc\u015f\u00fcm Ekseninde&nbsp; Giri\u015fimci Uygulamalar\u0131\n<p>&nbsp;<\/p>\n<p>Dr. \u00d6\u011fr. \u00dcyesi Ay\u015fe G\u00fcl F\u0130L\u0130K<\/p>\n<p>S\u00fcrd\u00fcr\u00fclebilir Kalk\u0131nma Hedefleri do\u011frultusunda T\u00dcB\u0130TAK ve KOSGEB i\u015fbirli\u011fi ile y\u00fcr\u00fct\u00fclen 1831-Ye\u015fil \u0130novasyon Teknoloji Ment\u00f6rl\u00fck \u00c7a\u011fr\u0131s\u0131 \u0130\u015fbirli\u011fi Projesi hakk\u0131nda Bilgilendirme<\/p>\n<p>Sanayi ve Teknoloji Bakanl\u0131\u011f\u0131 deste\u011fi ile&nbsp; S\u00fcrd\u00fcr\u00fclebilir Kalk\u0131nma Hedefleri do\u011frultusunda T\u00dcB\u0130TAK ve KOSGEB i\u015fbirli\u011fi ile y\u00fcr\u00fct\u00fclen 1831-Ye\u015fil \u0130novasyon Teknoloji Ment\u00f6rl\u00fck \u00c7a\u011fr\u0131s\u0131 \u0130\u015fbirli\u011fi Projesi \u00e7er\u00e7evesinde KOB\u0130\u2019lerin \u201c Ye\u015fil D\u00f6n\u00fc\u015f\u00fcm \u201c mevzuatlar\u0131na uyumu kapsam\u0131nda verilen destek ve i\u015fbirli\u011fi tecr\u00fcbelerinin payla\u015f\u0131m\u0131<\/p>\n<\/td><\/tr><tr><td>&nbsp;<\/td><td>&nbsp;<\/td><\/tr><tr><td><strong>Ders A<\/strong><strong>d<\/strong><strong>\u0131<\/strong><strong>:<\/strong>\n<p>&nbsp;<\/p>\n<p><strong>Dersi verecek \u00f6\u011fretim \u00fcyesi<\/strong><strong>:<\/strong><\/p>\n<p><strong>Ders Konusu:<\/strong><\/p>\n<p><strong>Detayl\u0131 ders i\u00e7eri\u011fi:<\/strong><\/p>\n<\/td><td>De\u011ferlendirme Oturumu\n<p>&nbsp;<\/p>\n<p>Dr. Aysun \u0130NAN GEN\u00c7<\/p>\n<p>G\u00fcn Sonu E\u011fitim Etkinliklerinin De\u011ferlendirilmesi<\/p>\n<p>G\u00fcn sonunda o g\u00fcne dair e\u011fitim i\u00e7eriklerinin kat\u0131l\u0131mc\u0131larla&nbsp; de\u011ferlendirilmesi ve o g\u00fcne dair kazan\u0131mlar\u0131n tespit edilmesi<\/p>\n<\/td><\/tr><\/tbody><\/table><\/figure>\n\n\n\n<h3 class=\"wp-block-heading\"><u>15 Nisan 202<\/u>6<\/h3>\n\n\n\n<figure class=\"wp-block-table\"><table><tbody><tr><td><strong>Ders A<\/strong><strong>d<\/strong><strong>\u0131<\/strong><strong>:<\/strong>\n<p>&nbsp;<\/p>\n<p><strong>Dersi verecek \u00f6\u011fretim \u00fcyesi<\/strong><strong>:<\/strong><\/p>\n<p><strong>Ders Konusu:<\/strong><\/p>\n<p><strong>Detayl\u0131 ders i\u00e7eri\u011fi:<\/strong><\/p>\n<\/td><td>Bilimsel Ara\u015ft\u0131rmalar S\u0131ras\u0131nda Kullan\u0131lacak Y\u00f6ntem ve Metodolojiler\n<p>&nbsp;<\/p>\n<p>Dr. \u00d6\u011fr. \u00dcyesi Mevl\u00fcde Alev ATE\u015e<\/p>\n<p>Bilimsel Ara\u015ft\u0131rmalar S\u0131ras\u0131nda Kullan\u0131lacak Y\u00f6ntem ve Metodolojiler Ba\u015fl\u0131\u011f\u0131 Alt\u0131nda \u00dclkemiz i\u00e7in De\u011ferli Endemik Bitki T\u00fcrlerinin Kay\u0131t Alt\u0131na Al\u0131nmas\u0131nda Kullan\u0131lan Molek\u00fcler Y\u00f6ntemler<\/p>\n<p>\u00dclkemiz i\u00e7in de\u011ferli endemik bitki t\u00fcrlerinin kay\u0131t alt\u0131na al\u0131nmas\u0131nda kullan\u0131lan molek\u00fcler y\u00f6ntemlerden &#8220;DNA barkodlama&#8221; y\u00f6nteminin \u00f6nemi ve yeni t\u00fcr te\u015fhis \u00e7al\u0131\u015fmalar\u0131nda nas\u0131l kullan\u0131ld\u0131\u011f\u0131 Bilimsel Ara\u015ft\u0131rmalar S\u0131ras\u0131nda Kullan\u0131lacak Y\u00f6ntem ve Metodolojiler ba\u015fl\u0131\u011f\u0131 alt\u0131nda y\u00fcr\u00fct\u00fclm\u00fc\u015f \u00f6rnek bir proje \u00fczerinden detayl\u0131 olarak anlat\u0131lacakt\u0131r.<\/p>\n<\/td><\/tr><tr><td><strong>Ders A<\/strong><strong>d<\/strong><strong>\u0131<\/strong><strong>:<\/strong>\n<p>&nbsp;<\/p>\n<p><strong>Dersi verecek \u00f6\u011fretim \u00fcyesi<\/strong><strong>:<\/strong><\/p>\n<p><strong>Ders Konusu:<\/strong><\/p>\n<p><strong>Detayl\u0131 ders i\u00e7eri\u011fi:<\/strong><\/p>\n<\/td><td>Ara\u015ft\u0131rma Sonu\u00e7lar\u0131n\u0131n Analizi ve Dok\u00fcmantasyonu\n<p>&nbsp;<\/p>\n<p>Dr. \u00d6\u011fr. \u00dcyesi Mevl\u00fcde Alev ATE\u015e<\/p>\n<p>\u00dclkemiz i\u00e7in de\u011ferli endemik bitki t\u00fcrlerinin kay\u0131t alt\u0131na al\u0131nmas\u0131nda kullan\u0131lan Molek\u00fcler Y\u00f6ntemler sonucu elde edilen \u00e7\u0131kt\u0131lar\u0131n nas\u0131l yorumlanaca\u011f\u0131 &#8220;Verilerin Analizi ve Dok\u00fcmantasyonu&#8221; ba\u015fl\u0131\u011f\u0131 alt\u0131nda anlat\u0131lacakt\u0131r<\/p>\n<p>\u00dclkemiz i\u00e7in de\u011ferli endemik bitki t\u00fcrlerinin kay\u0131t alt\u0131na al\u0131nmas\u0131nda kullan\u0131lan Molek\u00fcler Y\u00f6ntemler sonucu elde edilen verilerin analizi ve dok\u00fcmantasyonunda kullan\u0131lan programlar, veri setleri ve bunlar\u0131n uluslararas\u0131 veri bankalar\u0131nda nas\u0131l kullan\u0131laca\u011f\u0131 ayr\u0131ca elde edilen bu bilimsel \u00e7\u0131kt\u0131lara dair olas\u0131 hata okumalar\u0131 ve risk y\u00f6netimlerinin nas\u0131l yap\u0131laca\u011f\u0131na dair bilgilendirmeler &#8220;Ara\u015ft\u0131rma Sonu\u00e7lar\u0131n\u0131n Analizi ve Dok\u00fcmantasyonu ba\u015fl\u0131\u011f\u0131&#8221; alt\u0131nda y\u00fcr\u00fct\u00fclm\u00fc\u015f \u00f6rnek bir proje \u00fczerinden detayl\u0131 olarak anlat\u0131lacakt\u0131r<\/p>\n<\/td><\/tr><tr><td><strong>Ders A<\/strong><strong>d<\/strong><strong>\u0131<\/strong><strong>:<\/strong>\n<p>&nbsp;<\/p>\n<p><strong>Dersi verecek \u00f6\u011fretim \u00fcyesi<\/strong><strong>:<\/strong><\/p>\n<p><strong>Ders Konusu:<\/strong><\/p>\n<p><strong>Detayl\u0131 ders i\u00e7eri\u011fi<\/strong>:<\/p>\n<\/td><td>Bilimsel Ara\u015ft\u0131rma Verilerinin Analizi ve D\u00f6k\u00fcmantasyonu <span style=\"font-family: inherit; font-size: inherit; font-weight: inherit; color: initial;\">(UYGULAMA)<\/span>\n<p>&nbsp;<\/p>\n<p>Dr.\u00d6\u011fr.\u00dcyesi Mevl\u00fcde Alev ATE\u015e<\/p>\n<p>\u00dclkemiz i\u00e7in de\u011ferli endemik bitki t\u00fcrlerinin kay\u0131t alt\u0131na al\u0131nmas\u0131nda kullan\u0131lan Molek\u00fcler Y\u00f6ntemler sonucu elde edilen \u00e7\u0131kt\u0131lar\u0131n nas\u0131l yorumlanaca\u011f\u0131 &#8220;Verilerin Analizi ve D\u00f6k\u00fcmantasyonu&#8221; ba\u015fl\u0131\u011f\u0131 alt\u0131nda Uygulamal\u0131 olarak anlat\u0131lacakt\u0131r.<\/p>\n<p>\u00dclkemiz i\u00e7in de\u011ferli endemik bitki t\u00fcrlerinin kay\u0131t alt\u0131na al\u0131nmas\u0131nda kullan\u0131lan Molek\u00fcler Y\u00f6ntemler sonucu elde edilen verilerin analizi ve d\u00f6k\u00fcmantasyonunda kullan\u0131lan programlar, veri setleri ve bunlar\u0131n uluslararas\u0131 veri bankalar\u0131nda nas\u0131l kullan\u0131laca\u011f\u0131 ayr\u0131ca elde edilen bu bilimsel \u00e7\u0131kt\u0131lara dair olas\u0131 hata okumalar\u0131 ve risk y\u00f6netimlerinin nas\u0131l yap\u0131laca\u011f\u0131na dair bilgilendirmeler veri setleri \u00fczerinden Uygulamal\u0131 olarak g\u00f6sterilecektir.<\/p>\n<\/td><\/tr><tr><td><strong>Ders A<\/strong><strong>d<\/strong><strong>\u0131<\/strong><strong>:<\/strong>\n<p>&nbsp;<\/p>\n<p><strong>Dersi verecek \u00f6\u011fretim \u00fcyesi<\/strong><strong>:<\/strong><\/p>\n<p><strong>Ders Konusu:<\/strong><\/p>\n<p><strong>Detayl\u0131 ders i\u00e7eri\u011fi:<\/strong><\/p>\n<\/td><td>Bilimsel Ara\u015ft\u0131rmalar\u0131n Planlanmas\u0131 ve Projelendirilmesi\n<p>&nbsp;<\/p>\n<p>Do\u00e7.Dr. Rafig GURBANOV<\/p>\n<p>Aktif Olarak Proje Y\u00fcr\u00fct\u00fcc\u00fcl\u00fc\u011f\u00fc Yap\u0131lan T\u00dcB\u0130TAK ARDEB 1003 \u00d6ncelikli Alanlar AR-GE Projelerini Destekleme Program\u0131 Projesi \u00d6zelinde Bilimsel Ara\u015ft\u0131rmalar\u0131n Planlanmas\u0131 ve Projelendirilmesi<\/p>\n<p>Aktif Olarak Proje Y\u00fcr\u00fct\u00fcc\u00fcl\u00fc\u011f\u00fc Yap\u0131lan T\u00dcB\u0130TAK ARDEB 1003 \u00d6ncelikli Alanlar AR-GE Projelerini Destekleme Program\u0131 Projesi \u00d6zelinde Bilimsel Ara\u015ft\u0131rmalar\u0131n Planlanmas\u0131 ve Projelendirilmesi konu i\u00e7eriklerine dair detayl\u0131 bilgilendirmeler proje y\u00fcr\u00fct\u00fcc\u00fcs\u00fc hocam\u0131z taraf\u0131ndan \u00f6rnek proje \u00fczerinden detayl\u0131 olarak anlat\u0131lacakt\u0131r.<\/p>\n<\/td><\/tr><tr><td><strong>Ders Ad\u0131:<\/strong>\n<p>&nbsp;<\/p>\n<p><strong>Dersi verecek \u00f6\u011fretim \u00fcyesi:<\/strong><\/p>\n<p><strong>Ders Konusu:<\/strong><\/p>\n<p><strong>Detayl\u0131 ders i\u00e7eri\u011fi:<\/strong><\/p>\n<\/td><td>Ara\u015ft\u0131rma Sonu\u00e7lar\u0131n\u0131n Analizi ve Dok\u00fcmantasyonu\n<p>&nbsp;<\/p>\n<p>Do\u00e7.Dr. Rafig GURBANOV<\/p>\n<p>Aktif Olarak Proje Y\u00fcr\u00fct\u00fcc\u00fcl\u00fc\u011f\u00fc Yap\u0131lan T\u00dcB\u0130TAK ARDEB 1003 \u00d6ncelikli Alanlar AR-GE Projelerini Destekleme Program\u0131 Projesi \u00d6zelinde Bilimsel Ara\u015ft\u0131rma Sonu\u00e7lar\u0131n\u0131n Analizi ve Dok\u00fcmantasyonu<\/p>\n<p>Aktif Olarak Proje Y\u00fcr\u00fct\u00fcc\u00fcl\u00fc\u011f\u00fc Yap\u0131lan T\u00dcB\u0130TAK ARDEB 1003 \u00d6ncelikli Alanlar AR-GE Projelerini Destekleme Program\u0131 Projesi \u00d6zelinde&nbsp;Bilimsel Ara\u015ft\u0131rma Sonu\u00e7lar\u0131n\u0131n Analizi ve Dok\u00fcmantasyonu konu i\u00e7eriklerine dair detayl\u0131 bilgilendirmeler proje y\u00fcr\u00fct\u00fcc\u00fcc\u00fc hocam\u0131z taraf\u0131ndan anlat\u0131lacakt\u0131r<\/p>\n<\/td><\/tr><tr><td><strong>Ders Ad\u0131:<\/strong>\n<p>&nbsp;<\/p>\n<p><strong>Dersi verecek \u00f6\u011fretim \u00fcyesi:<\/strong><\/p>\n<p><strong>Ders Konusu:<\/strong><\/p>\n<p><strong>Detayl\u0131 ders i\u00e7eri\u011fi:<\/strong><\/p>\n<\/td><td>\n<p>Ara\u015ft\u0131rma Sonu\u00e7lar\u0131n\u0131n Analizi ve Dok\u00fcmantasyonu<\/p>\n<p>Do\u00e7. Dr. Rafig GURBANOV<\/p>\n<p>Aktif Olarak Proje Y\u00fcr\u00fct\u00fcc\u00fcl\u00fc\u011f\u00fc Yap\u0131lan T\u00dcB\u0130TAK ARDEB 1003 \u00d6ncelikli Alanlar AR-GE Projelerini Destekleme Program\u0131 Projesi \u00d6zelinde&nbsp;Bilimsel Ara\u015ft\u0131rma Sonu\u00e7lar\u0131n\u0131n Analizi ve Dok\u00fcmantasyonu<\/p>\n<p>Aktif Olarak Proje Y\u00fcr\u00fct\u00fcc\u00fcl\u00fc\u011f\u00fc Yap\u0131lan T\u00dcB\u0130TAK ARDEB 1003 \u00d6ncelikli Alanlar AR-GE Projelerini Destekleme Program\u0131 Projesi \u00d6zelinde&nbsp;Bilimsel Ara\u015ft\u0131rma Sonu\u00e7lar\u0131n\u0131n Analizi ve Dok\u00fcmantasyonu &nbsp;konu i\u00e7eriklerine dair detayl\u0131 bilgilendirmeler proje y\u00fcr\u00fct\u00fcc\u00fcc\u00fc hocam\u0131z taraf\u0131ndan anlat\u0131lacakt\u0131r<\/p>\n<\/td><\/tr><tr><td><strong>Ders A<\/strong><strong>d<\/strong><strong>\u0131<\/strong><strong>:<\/strong>\n<p>&nbsp;<\/p>\n<p><strong>Dersi verecek \u00f6\u011fretim \u00fcyesi<\/strong><strong>:<\/strong><\/p>\n<p><strong>Ders Konusu:<\/strong><\/p>\n<p><strong>Detayl\u0131 ders i\u00e7eri\u011fi:<\/strong><\/p>\n<\/td><td>\n<p>Bilimsel Ara\u015ft\u0131rmalar S\u0131ras\u0131nda Kullan\u0131lacak Y\u00f6ntem ve Metodolojiler (UYGULAMA)<\/p>\n<p>Dr.\u00d6\u011fr.\u00dcyesi Kerim G\u00dcNEY<\/p>\n<p>Ekolojik Bilginin Ekonomik De\u011fere D\u00f6n\u00fc\u015fmesinde \u00dclkemiz Ekosistemindeki T\u0131bbi Bitkilerin De\u011ferlendirilmesine Dair \u00d6zel Bir \u00d6rnek \u00fczerinden Bilimsel Ara\u015ft\u0131rmalar S\u0131ras\u0131nda Kullan\u0131lacak Y\u00f6ntem ve Metodolojiler (UYGULAMA)<\/p>\n<p>\u00dclkemizin \u00f6nemli biyolojik kaynak de\u011ferlerinden t\u0131bbi ama\u00e7la kullan\u0131lan Sar\u0131 kantaron (Hypericum perforatum) bitkisi \u00f6zelinde ekonomik de\u011fere d\u00f6n\u00fc\u015f\u00fcm s\u00fcrecinde kullan\u0131lan y\u00f6ntem ve metodolojiler Kastamonu \u00dcniversitesi Merkezi Ara\u015ft\u0131rma Laboratuvar\u0131 (MERLAB) deneysel ara\u015ft\u0131rma laboratuvarlar\u0131nda uygulamal\u0131 olarak g\u00f6sterilecektir. Bu kapsamda; su distilasyonu y\u00f6ntemiyle biyoaktif bile\u015fenlerin elde edilmesi GC-MS (Gaz Kromatografisi-K\u00fctle Spektrofotometrisi) metodu ile bitki i\u00e7erik analizlerinin yap\u0131lmas\u0131 a\u015famalar\u0131 uygulamal\u0131 olarak Kastamonu \u00dcniversitesi Merkezi Ara\u015ft\u0131rma Laboratuvar\u0131 deneysel ara\u015ft\u0131rma laboratuvarlar\u0131nda g\u00f6sterilecektir<\/p>\n<\/td><\/tr><tr><td><strong>Ders A<\/strong><strong>d<\/strong><strong>\u0131<\/strong><strong>:<\/strong>\n<p>&nbsp;<\/p>\n<p><strong>Dersi verecek \u00f6\u011fretim \u00fcyesi<\/strong><strong>:<\/strong><\/p>\n<p><strong>Ders Konusu:<\/strong><\/p>\n<p><strong>Detayl\u0131 ders i\u00e7eri\u011fi:<\/strong><\/p>\n<\/td><td>Bilimsel Ara\u015ft\u0131rmalar S\u0131ras\u0131nda Kullan\u0131lacak Y\u00f6ntem ve Metodolojiler (UYGULAMA)\n<p>&nbsp;<\/p>\n<p>Dr.\u00d6\u011fr.\u00dcyesi Kerim G\u00dcNEY<\/p>\n<p>Ekolojik Bilginin Ekonomik De\u011fere D\u00f6n\u00fc\u015fmesinde \u00dclkemiz Ekosistemindeki T\u0131bbi Bitkilerin De\u011ferlendirilmesine Dair \u00d6zel Bir \u00d6rnek \u00fczerinden Bilimsel Ara\u015ft\u0131rmalar S\u0131ras\u0131nda Kullan\u0131lacak Y\u00f6ntem ve Metodolojiler (UYGULAMA)<\/p>\n<p>\u00dclkemizin \u00f6nemli biyolojik kaynak de\u011ferlerinden t\u0131bbi ama\u00e7la kullan\u0131lan Sar\u0131 kantaron (Hypericum perforatum) bitkisi \u00f6zelinde ekonomik de\u011fere d\u00f6n\u00fc\u015f\u00fcm s\u00fcrecinde kullan\u0131lan y\u00f6ntem ve metodolojiler Kastamonu \u00dcniversitesi Merkezi Ara\u015ft\u0131rma Laboratuvar\u0131 (MERLAB) deneysel ara\u015ft\u0131rma laboratuvarlar\u0131nda uygulamal\u0131 olarak g\u00f6sterilecektir. Bu kapsamda; su distilasyonu y\u00f6ntemiyle biyoaktif bile\u015fenlerin elde edilmesi GC-MS (Gaz Kromatografisi-K\u00fctle Spektrofotometrisi) metodu ile bitki i\u00e7erik analizlerinin yap\u0131lmas\u0131 a\u015famalar\u0131 uygulamal\u0131 olarak Kastamonu \u00dcniversitesi Merkezi Ara\u015ft\u0131rma Laboratuvar\u0131 deneysel ara\u015ft\u0131rma laboratuvarlar\u0131nda g\u00f6sterilecektir.<\/p>\n<\/td><\/tr><\/tbody><\/table><\/figure>\n\n\n\n<h3 class=\"wp-block-heading\"><u>16 Nisan 202<\/u>6<\/h3>\n\n\n\n<figure class=\"wp-block-table\"><table><tbody><tr><td><strong>Ders A<\/strong><strong>d<\/strong><strong>\u0131<\/strong><strong>:<\/strong>\n<p>&nbsp;<\/p>\n<p><strong>Dersi verecek \u00f6\u011fretim \u00fcyesi<\/strong><strong>:<\/strong><\/p>\n<p><strong>Ders Konusu:<\/strong><\/p>\n<p><strong>Detayl\u0131 ders i\u00e7eri\u011fi<\/strong>:<\/p>\n<\/td><td>Bilimsel \u00c7\u0131kt\u0131n\u0131n \u00dcr\u00fcne D\u00f6n\u00fc\u015f\u00fcm A\u015famalar\u0131nda Fikri M\u00fclkiyet&nbsp; ve Patent Koruma S\u00fcre\u00e7lerinin Y\u00f6netilmesi\n<p>&nbsp;<\/p>\n<p>Dr. Seher MURATHAN G\u00d6K<\/p>\n<p>Patent Veritabanlar\u0131n\u0131n Bilimsel Ara\u015ft\u0131rmalarda Kullan\u0131m\u0131<\/p>\n<p>Bu oturumda, ara\u015ft\u0131rmac\u0131lara patent bilgisi ve veritabanlar\u0131ndan kendi Ar-Ge \u00e7abalar\u0131n\u0131 desteklemek ve geli\u015ftirmek i\u00e7in nas\u0131l yararlanabilecekleri kapsaml\u0131 bir \u015fekilde anlat\u0131lacak, bu do\u011frultuda T\u00dcRKPATENT, Avrupa Patent Ofisi (EPO), D\u00fcnya Fikri M\u00fclkiyet Te\u015fkilat\u0131 (WIPO) gibi patent veritabanlar\u0131na genel bir bak\u0131\u015f sunulacak, kullan\u0131mlar\u0131 ile ilgili detayl\u0131 bilgi verilecektir. Veritabanlar\u0131ndan elde edilen \u00e7\u0131kt\u0131lar \u00fczerinde durularak, nas\u0131l yorumlanabilecekleri tart\u0131\u015f\u0131lacakt\u0131r.<\/p>\n<\/td><\/tr><tr><td><strong>Ders A<\/strong><strong>d<\/strong><strong>\u0131<\/strong><strong>:<\/strong>\n<p>&nbsp;<\/p>\n<p><strong>Dersi verecek \u00f6\u011fretim \u00fcyesi<\/strong><strong>:<\/strong><\/p>\n<p><strong>Ders Konusu:<\/strong><\/p>\n<p><strong>Detayl\u0131 ders i\u00e7eri\u011fi:<\/strong><\/p>\n<\/td><td>Bilimsel \u00c7\u0131kt\u0131n\u0131n \u00dcr\u00fcne D\u00f6n\u00fc\u015f\u00fcm A\u015famalar\u0131nda Fikri M\u00fclkiyet&nbsp; ve Patent Koruma S\u00fcre\u00e7lerinin Y\u00f6netilmesi\n<p>&nbsp;<\/p>\n<p>Dr. Seher G\u00d6K MURATHAN<\/p>\n<p>Patent Veritabanlar\u0131n\u0131n Bilimsel Ara\u015ft\u0131rmalarda Kullan\u0131m\u0131<\/p>\n<p>Bu oturumda, ara\u015ft\u0131rmac\u0131lara patent bilgisi ve veritabanlar\u0131ndan kendi Ar-Ge \u00e7abalar\u0131n\u0131 desteklemek ve geli\u015ftirmek i\u00e7in nas\u0131l yararlanabilecekleri kapsaml\u0131 bir \u015fekilde anlat\u0131lacak, bu do\u011frultuda T\u00dcRKPATENT, Avrupa Patent Ofisi (EPO), D\u00fcnya Fikri M\u00fclkiyet Te\u015fkilat\u0131 (WIPO) gibi patent veritabanlar\u0131na genel bir bak\u0131\u015f sunulacak, kullan\u0131mlar\u0131 ile ilgili detayl\u0131 bilgi verilecektir. Veritabanlar\u0131ndan elde edilen \u00e7\u0131kt\u0131lar \u00fczerinde durularak, nas\u0131l yorumlanabilecekleri tart\u0131\u015f\u0131lacakt\u0131r.<\/p>\n<\/td><\/tr><tr><td><strong>Ders A<\/strong><strong>d<\/strong><strong>\u0131<\/strong><strong>:<\/strong>\n<p>&nbsp;<\/p>\n<p><strong>Dersi verecek \u00f6\u011fretim \u00fcyesi<\/strong><strong>:<\/strong><\/p>\n<p><strong>Ders Konusu:<\/strong><\/p>\n<p><strong>Detayl\u0131 ders i\u00e7eri\u011fi:<\/strong><\/p>\n<p><strong>&nbsp;<\/strong><\/p>\n<\/td><td>Bilimsel \u00c7\u0131kt\u0131n\u0131n \u00dcr\u00fcne D\u00f6n\u00fc\u015f\u00fcm A\u015famalar\u0131nda Fikri M\u00fclkiyet&nbsp; ve Patent Koruma S\u00fcre\u00e7lerinin Y\u00f6netilmesi\n<p>&nbsp;<\/p>\n<p>Dr. Fulya \u00c7IRAY<br>Biyoteknoloji Alan\u0131nda Fikri M\u00fclkiyet Bi\u00e7imi Olarak Bulu\u015flar\u0131n Patentlenmesi<\/p>\n<p>Bu oturumda biyoteknoloji alan\u0131nda ara\u015ft\u0131rmac\u0131lar\u0131n fikri m\u00fclkiyet korumalar\u0131 ve \u00f6zellikle patent korumas\u0131yla ilgili kapsaml\u0131 bir \u015fekilde bilgilendirilmeleri ve ara\u015ft\u0131rmac\u0131lar\u0131n ger\u00e7ekle\u015ftirecekleri bilimsel \u00e7al\u0131\u015fmalar i\u00e7in patent korumas\u0131 elde etme s\u00fcrecinde kar\u015f\u0131la\u015facaklar\u0131 durumlar ve bu durumlar\u0131n y\u00f6netilmesine dair kullanacaklar\u0131 kaynaklar konusunda kat\u0131l\u0131mc\u0131larla bilgi payla\u015f\u0131m\u0131 yap\u0131lacakt\u0131r.<\/p>\n<\/td><\/tr><tr><td><strong>Ders A<\/strong><strong>d<\/strong><strong>\u0131<\/strong><strong>:<\/strong>\n<p>&nbsp;<\/p>\n<p><strong>Dersi verecek \u00f6\u011fretim \u00fcyesi<\/strong><strong>:<\/strong><\/p>\n<p><strong>Ders Konusu:<\/strong><\/p>\n<p><strong>Detayl\u0131 ders i\u00e7eri\u011fi:<\/strong><\/p>\n<\/td><td>Bilimsel \u00c7\u0131kt\u0131n\u0131n \u00dcr\u00fcne D\u00f6n\u00fc\u015f\u00fcm A\u015famalar\u0131nda Fikri M\u00fclkiyet ve Patent Koruma S\u00fcre\u00e7lerinin Y\u00f6netilmesi\n<p>&nbsp;<\/p>\n<p>Dr. Fulya \u00c7IRAY<\/p>\n<p>Biyoteknoloji Alan\u0131nda Fikri M\u00fclkiyet Bi\u00e7imi Olarak Bulu\u015flar\u0131n Patentlenmesi<\/p>\n<p>Bu oturumda biyoteknoloji alan\u0131nda ara\u015ft\u0131rmac\u0131lar\u0131n fikri m\u00fclkiyet korumalar\u0131 ve \u00f6zellikle patent korumas\u0131yla ilgili kapsaml\u0131 bir \u015fekilde bilgilendirilmeleri ve ara\u015ft\u0131rmac\u0131lar\u0131n ger\u00e7ekle\u015ftirecekleri bilimsel \u00e7al\u0131\u015fmalar i\u00e7in patent korumas\u0131 elde etme s\u00fcrecinde kar\u015f\u0131la\u015facaklar\u0131 durumlar ve bu durumlar\u0131n y\u00f6netilmesine dair kullanacaklar\u0131 kaynaklar konusunda kat\u0131l\u0131mc\u0131larla bilgi payla\u015f\u0131m\u0131 yap\u0131lacakt\u0131r.<\/p>\n<\/td><\/tr><tr><td>&nbsp;<\/td><td>&nbsp;<\/td><\/tr><tr><td><strong>Ders A<\/strong><strong>d<\/strong><strong>\u0131<\/strong><strong>:<\/strong>\n<p>&nbsp;<\/p>\n<p><strong>Dersi verecek \u00f6\u011fretim \u00fcyesi<\/strong><strong>:<\/strong><\/p>\n<p><strong>Ders Konusu:<\/strong><\/p>\n<p><strong>Detayl\u0131 ders i\u00e7eri\u011fi:<\/strong><\/p>\n<\/td><td>\n<p>\u00dcr\u00fcne D\u00f6n\u00fc\u015f\u00fcm ve Ticarile\u015fme S\u00fcre\u00e7lerinde Teknoloji Transfer Ofisleri ve Teknokentlerin \u00dcstlendikleri Roller<\/p>\n<p>\u00d6\u011fr.G\u00f6r. Berkan G\u00dcNG\u00d6R<\/p>\n<p>AR-GE Faaliyetlerinin \u0130\u015f Fikirlerine D\u00f6n\u00fc\u015ft\u00fcr\u00fclmesi: Teknokent Fark\u0131ndal\u0131\u011f\u0131<\/p>\n<p>Bu derste; Ar-Ge odakl\u0131 \u00e7al\u0131\u015fmalardan ortaya \u00e7\u0131kacak \u00e7\u0131kt\u0131lar\u0131n katma de\u011feri y\u00fcksek ticari \u00fcr\u00fcnlere d\u00f6n\u00fc\u015ft\u00fcr\u00fclmesi ve bu s\u00fcreci destekleyen kurumlardan biri olan Teknokent b\u00fcnyesinde \u015firketle\u015fme faaliyetleri anlat\u0131lacakt\u0131r. Teknokent ekosisteminde bulunan birimler ve Teknokent&#8217;e d\u00e2hil olman\u0131n avantajlar\u0131 hakk\u0131nda bilgi verilecektir.<\/p>\n<\/td><\/tr><tr><td><strong>Ders A<\/strong><strong>d<\/strong><strong>\u0131<\/strong><strong>:<\/strong>\n<p>&nbsp;<\/p>\n<p><strong>Dersi verecek \u00f6\u011fretim \u00fcyesi<\/strong><strong>:<\/strong><\/p>\n<p><strong>Ders Konusu:<\/strong><\/p>\n<p><strong>Detayl\u0131 ders i\u00e7eri\u011fi:<\/strong><\/p>\n<\/td><td>\u00dcr\u00fcne D\u00f6n\u00fc\u015f\u00fcm ve Ticarile\u015fme S\u00fcre\u00e7lerinde Teknoloji Transfer Ofisleri ve Teknokentlerin \u00dcstlendikleri Roller\n<p>&nbsp;<\/p>\n<p>\u00d6\u011fr. G\u00f6r. Berkan G\u00dcNG\u00d6R<\/p>\n<p>Ar\u2010Ge \u00c7al\u0131\u015fmalar\u0131n\u0131n \u00dcr\u00fcne D\u00f6n\u00fc\u015ft\u00fcr\u00fclmesi, Kulu\u00e7ka Merkezleri Vas\u0131tas\u0131yla \u015eirketle\u015fme Faaliyetleri ve Teknokent Ekosistemi<\/p>\n<p>Bu derste kat\u0131l\u0131mc\u0131lara kulu\u00e7ka merkezleri vas\u0131tas\u0131yla yapabilecekleri \u015firketle\u015fme faaliyetleri hakk\u0131nda detayl\u0131 bilgiler verilecektir. Kulu\u00e7ka merkezlerinin giri\u015fimci adaylar\u0131n\u0131n fikirlerini geli\u015ftirmelerinde \u00fcstlendikleri rollerden bahsedilecek, ayr\u0131ca bu s\u00fcre\u00e7te giri\u015fimci adaylar\u0131n\u0131n ihtiyac\u0131 olan network\u00fc kendilerine sa\u011flamalar\u0131 konusunda sunduklar\u0131 k\u00e2r amac\u0131 g\u00fctmeyen desteklerden bahsedilecektir.<\/p>\n<\/td><\/tr><tr><td><strong>Ders A<\/strong><strong>d<\/strong><strong>\u0131<\/strong><strong>:<\/strong>\n<p>&nbsp;<\/p>\n<p><strong>Dersi verecek \u00f6\u011fretim \u00fcyesi<\/strong>:<\/p>\n<p><strong>Ders Konusu:<\/strong><\/p>\n<p><strong>Detayl\u0131 ders i\u00e7eri\u011fi:<\/strong><\/p>\n<\/td><td>KAPANI\u015e\n<p>&nbsp;<\/p>\n<p>Dr. Aysun \u0130NAN GEN\u00c7<\/p>\n<p>E\u011fitim Etkinli\u011finin Kapan\u0131\u015f Oturumu<\/p>\n<p>E\u011fitim Etkinli\u011finin Genel &nbsp;De\u011ferlendirilmesinin Yap\u0131lmas\u0131 ve kat\u0131l\u0131mc\u0131lara sertifikalar\u0131n\u0131n verilmesi<\/p>\n<\/td><\/tr><\/tbody><\/table><\/figure>\n","protected":false},"excerpt":{"rendered":"<p>Detayl\u0131 E\u011fitim Program\u0131 i\u00e7in buraya t\u0131klay\u0131n\u0131z: https:\/\/hipotezdenurune.com\/wp-content\/uploads\/2025\/08\/PROGRAM_-13-17-Nisan-2026.pdf 13 Nisan 2026 Ders Ad\u0131: &nbsp; Dersi verecek \u00f6\u011fretim \u00fcyesi: Ders Konusu: Detayl\u0131 ders i\u00e7eri\u011fi: A\u00e7\u0131l\u0131\u015f Konu\u015fmas\u0131 &nbsp; Dr. Aysun \u0130NAN GEN\u00c7 Hipotezden \u00dcr\u00fcne Biyolojik Bilimler ve Uygulamal\u0131 Do\u011fa Bilimleri Alanlar\u0131nda Bilimsel S\u00fcrecin Bile\u015fenleri-3 T\u00dcB\u0130TAK B\u0130DEB 2237-A Bilimsel E\u011fitim Etkinliklerini Destekleme Program\u0131 kapsam\u0131nda \u201cHipotezden \u00dcr\u00fcne Biyolojik Bilimler ve &hellip; <\/p>\n","protected":false},"author":1,"featured_media":0,"parent":0,"menu_order":0,"comment_status":"closed","ping_status":"closed","template":"","meta":[],"_links":{"self":[{"href":"https:\/\/hipotezdenurune.com\/index.php?rest_route=\/wp\/v2\/pages\/15"}],"collection":[{"href":"https:\/\/hipotezdenurune.com\/index.php?rest_route=\/wp\/v2\/pages"}],"about":[{"href":"https:\/\/hipotezdenurune.com\/index.php?rest_route=\/wp\/v2\/types\/page"}],"author":[{"embeddable":true,"href":"https:\/\/hipotezdenurune.com\/index.php?rest_route=\/wp\/v2\/users\/1"}],"replies":[{"embeddable":true,"href":"https:\/\/hipotezdenurune.com\/index.php?rest_route=%2Fwp%2Fv2%2Fcomments&post=15"}],"version-history":[{"count":45,"href":"https:\/\/hipotezdenurune.com\/index.php?rest_route=\/wp\/v2\/pages\/15\/revisions"}],"predecessor-version":[{"id":708,"href":"https:\/\/hipotezdenurune.com\/index.php?rest_route=\/wp\/v2\/pages\/15\/revisions\/708"}],"wp:attachment":[{"href":"https:\/\/hipotezdenurune.com\/index.php?rest_route=%2Fwp%2Fv2%2Fmedia&parent=15"}],"curies":[{"name":"wp","href":"https:\/\/api.w.org\/{rel}","templated":true}]}}